{"id":342,"date":"2024-07-28T18:56:15","date_gmt":"2024-07-28T18:56:15","guid":{"rendered":"https:\/\/www.dimaurofilmes.com\/mostra_humberto_mauro\/?page_id=342"},"modified":"2024-09-02T02:27:32","modified_gmt":"2024-09-02T02:27:32","slug":"programacao","status":"publish","type":"page","link":"http:\/\/www.dimaurofilmes.com\/mostra_humberto_mauro\/programacao\/","title":{"rendered":"Programa\u00e7\u00e3o"},"content":{"rendered":"<p>&nbsp;<\/p>\n<style>\n        body {<br \/>            font-family: Arial, sans-serif;<br \/>            background-color: #f5f5f5;<br \/>            color: #333;<br \/>            margin: 0;<br \/>            padding: 0;<br \/>        }<br \/>        header {<br \/>            background-color: #4b0082;<br \/>            color: white;<br \/>            padding: 20px;<br \/>            text-align: center;<br \/>        }<br \/>        .date-grid {<br \/>            display: grid;<br \/>            grid-template-columns: repeat(7, 1fr);<br \/>            gap: 10px;<br \/>            max-width: 1200px;<br \/>            margin: 20px auto;<br \/>            padding: 10px;<br \/>            background-color: #fff;<br \/>            border-radius: 10px;<br \/>            box-shadow: 0 0 10px rgba(0, 0, 0, 0.1);<br \/>        }<br \/>        .date-grid a {<br \/>            display: block;<br \/>            padding: 15px;<br \/>            text-align: center;<br \/>            background-color: #4b0082;<br \/>            color: white;<br \/>            text-decoration: none;<br \/>            border-radius: 5px;<br \/>            transition: background-color 0.3s ease;<br \/>        }<br \/>        .date-grid a:hover {<br \/>            background-color: #6a0dad;<br \/>        }<br \/>        .programacao {<br \/>            max-width: 1200px;<br \/>            margin: 20px auto;<br \/>            padding: 20px;<br \/>            background-color: white;<br \/>            border-radius: 10px;<br \/>            box-shadow: 0 0 10px rgba(0, 0, 0, 0.1);<br \/>        }<br \/>        .programacao h2 {<br \/>            color: #4b0082;<br \/>        }<br \/>        .evento {<br \/>            padding: 15px 0;<br \/>            border-bottom: 1px solid #ddd;<br \/>        }<br \/>        .evento:last-child {<br \/>            border-bottom: none;<br \/>        }<br \/>        .evento h3 {<br \/>            margin: 0;<br \/>            font-size: 18px;<br \/>            color: #4b0082;<br \/>        }<br \/>        .evento p {<br \/>            margin: 5px 0;<br \/>            color: #666;<br \/>        }<br \/>    <\/style>\n<header>\n<h2 style=\"text-align: center;\"><span style=\"color: #134ead;\">Programa\u00e7\u00e3o<\/span><\/h2>\n<table style=\"width: 100%; border-collapse: collapse; border-color: #2c67c7; background-color: #065fbf;\">\n<tbody>\n<tr>\n<td style=\"width: 14.2857%;\"><strong><a href=\"#dia26\"><span style=\"color: #ffffff;\">26 de Agosto<\/span><\/a><\/strong><\/td>\n<td style=\"width: 14.2857%;\"><span style=\"color: #ffffff;\"><strong><a style=\"color: #ffffff;\" href=\"#dia27\">27 de Agosto<\/a><\/strong><\/span><\/td>\n<td style=\"width: 14.2857%;\"><span style=\"color: #ffffff;\"><strong><a style=\"color: #ffffff;\" href=\"#dia28\">28 de Agosto<\/a><\/strong><\/span><\/td>\n<td style=\"width: 14.2857%;\"><span style=\"color: #ffffff;\"><strong><a style=\"color: #ffffff;\" href=\"#dia29\">29 de Agosto<\/a><\/strong><\/span><\/td>\n<td style=\"width: 14.2857%;\"><span style=\"color: #ffffff;\"><strong><a style=\"color: #ffffff;\" href=\"#dia30\">30 de Agosto<\/a><\/strong><\/span><\/td>\n<td style=\"width: 14.2857%;\"><span style=\"color: #ffffff;\"><strong><a style=\"color: #ffffff;\" href=\"#dia31\">31 de Agosto<\/a><\/strong><\/span><\/td>\n<td style=\"width: 14.2857%;\"><span style=\"color: #ffffff;\"><strong><a style=\"color: #ffffff;\" href=\"#dia01\">1\u00a0 de Setembro<\/a><\/strong><\/span><\/td>\n<\/tr>\n<\/tbody>\n<\/table>\n<\/header>\n<div class=\"date-grid\"><\/div>\n<div class=\"programacao\">\n<section id=\"dia26\">\n<h2><\/h2>\n<table style=\"width: 100%; border-collapse: collapse; border-color: #065fbf; background-color: #065fbf;\">\n<tbody>\n<tr>\n<td style=\"width: 100%;\">\n<h2 style=\"text-align: center;\"><span style=\"color: #ffffff;\">26 de Agosto \/\/ Segunda-feira<\/span><\/h2>\n<\/td>\n<\/tr>\n<\/tbody>\n<\/table>\n<div class=\"evento\">\n<h3><span style=\"color: #134ead;\">20h00 &#8211; Abertura Oficial da Mostra com exibi\u00e7\u00e3o do filme longa-metragem \u201cHumberto Mauro, Cinema \u00e9 Cachoeira\u201d de Andr\u00e9 Di Mauro<\/span><\/h3>\n<p><span style=\"color: #134ead;\">Local: <span style=\"font-size: 14pt;\"><strong>Cine Show Teres\u00f3polis\u00a0\u00a0<\/strong><\/span><\/span><span style=\"color: #134ead;\">Ingressos: <strong>Entrada Gratuita (sujeito a lota\u00e7\u00e3o)<\/strong><\/span><\/p>\n<p><span style=\"color: #134ead;\">Descri\u00e7\u00e3o: <strong>Abertura Oficial da Mostra com Exibi\u00e7\u00e3o do filme longa-metragem \u201cHumberto Mauro, Cinema \u00e9 Cachoeira\u201d de Andr\u00e9 Di Mauro<\/strong><\/span><\/p>\n<p><span style=\"color: #134ead;\">No dia 26 de agosto, no Cine Show Teres\u00f3polis, daremos in\u00edcio \u00e0 Mostra Humberto Mauro \u2013 O Pai do Cinema Brasileiro com uma cerim\u00f4nia de abertura que promete ser inesquec\u00edvel. A noite ser\u00e1 marcada pela <strong>exibi\u00e7\u00e3o especial do premiado longa-metragem &#8220;Humberto Mauro: Cinema \u00e9 Cachoeira&#8221;<\/strong>, dirigido por Andr\u00e9 Di Mauro. Este filme, que participou do prestigiado Festival de Cinema de Veneza e esteve na lista do Oscar, oferece uma homenagem profunda e comovente ao legado do cineasta que \u00e9 considerado o pioneiro do cinema brasileiro. A abertura da Mostra ser\u00e1 uma oportunidade \u00fanica para celebrar a arte e a hist\u00f3ria do cinema nacional, reunindo entusiastas, cr\u00edticos e cineastas em um evento que promete inspirar a todos.<\/span><\/p>\n<\/div>\n<p><span style=\"color: #134ead;\"><!-- Adicione mais eventos para o dia 26 --><\/span><\/p>\n<\/section>\n<section id=\"dia27\">\n<h2><\/h2>\n<table style=\"width: 100%; border-collapse: collapse; border-color: #065fbf; background-color: #065fbf;\">\n<tbody>\n<tr>\n<td style=\"width: 100%; text-align: center;\">\n<h2><span style=\"color: #ffffff;\">27 de Agosto \/\/ Ter\u00e7a-feira<\/span><\/h2>\n<\/td>\n<\/tr>\n<\/tbody>\n<\/table>\n<div class=\"evento\">\n<h3><span style=\"color: #134ead;\">16h00\u00a0 &#8211; Sess\u00e3o Humberto Mauro: Exibi\u00e7\u00e3o do filme longa-metragem &#8220;O Descobrimento do Brasil&#8221; de Humberto Mauro\u00a0<\/span><\/h3>\n<p><span style=\"color: #134ead;\">Local: <span style=\"font-size: 14pt;\"><strong>Cine Show Teres\u00f3polis\u00a0\u00a0<\/strong><\/span><\/span><span style=\"color: #134ead;\">Ingressos: <strong>Entrada Gratuita (sujeito a lota\u00e7\u00e3o)<\/strong><\/span><\/p>\n<p><span style=\"color: #134ead;\">Descri\u00e7\u00e3o:<strong> Sess\u00e3o Humberto Mauro: Exibi\u00e7\u00e3o do filme longa-metragem &#8220;O Descobrimento do Brasil&#8221; de Humberto Mauro\u00a0<\/strong><\/span><\/p>\n<p><span style=\"color: #134ead;\">A Mostra Humberto Mauro orgulhosamente apresenta a Sess\u00e3o Humberto Mauro com a exibi\u00e7\u00e3o do cl\u00e1ssico longa-metragem &#8220;O Descobrimento do Brasil&#8221;. Dirigido pelo pioneiro do cinema nacional, Humberto Mauro, este filme ic\u00f4nico retrata com maestria a chegada dos portugueses ao Brasil, sendo uma obra fundamental para a cinematografia brasileira. Realizado em 1937, o filme \u00e9 celebrado por sua abordagem art\u00edstica e hist\u00f3rica, capturando a ess\u00eancia de um dos momentos mais importantes da hist\u00f3ria do pa\u00eds atrav\u00e9s da vis\u00e3o singular de um dos maiores cineastas brasileiros. Uma sess\u00e3o imperd\u00edvel para os amantes do cinema e da cultura brasileira. Filme gentilmente cedido pelo CTAv para exibi\u00e7\u00e3o na Mostra.<\/span><\/p>\n<h3><span style=\"color: #134ead;\">17h00 &#8211; Palestra: \u201cO Cinema e as Novas Tecnologias\u201d com Federico Bardini<\/span><\/h3>\n<p><span style=\"color: #134ead;\">Local: <span style=\"font-size: 14pt;\"><strong>Cine Show Teres\u00f3polis\u00a0\u00a0<\/strong><\/span><\/span><span style=\"color: #134ead;\">Ingressos: <strong>Entrada Gratuita (sujeito a lota\u00e7\u00e3o)<\/strong><\/span><\/p>\n<p><span style=\"color: #134ead;\">Descri\u00e7\u00e3o:<strong> Palestra: \u201cO Cinema e as Novas Tecnologias\u201d com Federico Bardini<\/strong><\/span><\/p>\n<p><span style=\"color: #134ead;\">A palestra \u201cO Cinema e as Novas Tecnologias\u201d com **Federico Bardini** promete uma discuss\u00e3o profunda sobre o impacto das inova\u00e7\u00f5es tecnol\u00f3gicas na produ\u00e7\u00e3o cinematogr\u00e1fica. Bardini, cineasta e montador argentino, \u00e9 um dos fundadores do primeiro curso de cinema de n\u00edvel superior na cidade do Rio de Janeiro, na UNESA. Com vasta experi\u00eancia na ind\u00fastria, ele abordar\u00e1 como as novas tecnologias est\u00e3o transformando a linguagem cinematogr\u00e1fica, desde a captura de imagens at\u00e9 a p\u00f3s-produ\u00e7\u00e3o, oferecendo novas possibilidades criativas e redefinindo a arte de fazer cinema no s\u00e9culo XXI.<\/span><\/p>\n<h3><span style=\"color: #134ead;\">18h00 &#8211; Mostra Competitiva &#8211; Exibi\u00e7\u00e3o do filme longa-metragem<strong>\u00a0<\/strong><strong>\u201cA Flor da Gig\u00f3ia\u201d de Ivo Schergl Jr.<\/strong><\/span><\/h3>\n<p><span style=\"color: #134ead;\">Local: <span style=\"font-size: 14pt;\"><strong>Cine Show Teres\u00f3polis\u00a0\u00a0<\/strong><\/span><\/span><span style=\"color: #134ead;\">Ingressos: <strong>Entrada Gratuita (sujeito a lota\u00e7\u00e3o)<\/strong><\/span><\/p>\n<p><span style=\"color: #134ead;\">Descri\u00e7\u00e3o:<strong> Exibi\u00e7\u00e3o do filme longa-metragem: &#8220;A Flor da Gig\u00f3ia&#8221; de Ivo Schergl Jr.<\/strong><\/span><\/p>\n<p><span style=\"color: #134ead;\">&#8220;A Flor da Gig\u00f3ia&#8221; \u00e9 um drama tocante que explora as complexidades do amor, da fam\u00edlia e das escolhas dif\u00edceis que a vida imp\u00f5e. Ap\u00f3s descobrir uma grave doen\u00e7a da filha, a protagonista enfrenta um dilema devastador: manter sua rotina familiar ou seguir um novo caminho em busca de uma paix\u00e3o. A escolha de permanecer ao lado da fam\u00edlia desencadeia uma s\u00e9rie de gatilhos emocionais e dist\u00farbios psicol\u00f3gicos, desafiando-a a enfrentar seus medos e buscar a felicidade em meio ao caos. O filme \u00e9 uma profunda reflex\u00e3o sobre as decis\u00f5es que moldam nossas vidas e o pre\u00e7o do verdadeiro amor.<\/span><\/p>\n<h3><span style=\"color: #134ead;\">20h00 &#8211; Mostra Competitiva &#8211; Exibi\u00e7\u00e3o do filme curta-metragem <strong>\u201cDe Frente pro Escuro\u201d de Danilo Sacramento.<\/strong><\/span><\/h3>\n<p><span style=\"color: #134ead;\">Local: <span style=\"font-size: 14pt;\"><strong>Cine Show Teres\u00f3polis\u00a0\u00a0<\/strong><\/span><\/span><span style=\"color: #134ead;\">Ingressos: <strong>Entrada Gratuita (sujeito a lota\u00e7\u00e3o)<\/strong><\/span><\/p>\n<p><span style=\"color: #134ead;\">Descri\u00e7\u00e3o: <strong>Exibi\u00e7\u00e3o do filme curta-metragem: &#8220;De Frente Pro Escuro&#8221; de Danilo Sacramento.<\/strong><\/span><\/p>\n<p><span style=\"color: #134ead;\">&#8220;Um pai ausente (Jackson Antunes), no seu anivers\u00e1rio de 65 anos, tenta se reaproximar dos filhos.<\/span><\/p>\n<section id=\"dia27\">\n<div class=\"evento\">\n<h3><span style=\"color: #134ead;\">20h10 &#8211; Mostra Competitiva &#8211; <\/span><span style=\"color: #134ead;\">Exibi\u00e7\u00e3o <\/span><span style=\"color: #134ead;\">do filme curta-metragem \u201cAracati\u201d de Veruza Guedes<strong>.<\/strong><\/span><\/h3>\n<p><span style=\"color: #134ead;\">Local: <span style=\"font-size: 14pt;\"><strong>Cine Show Teres\u00f3polis\u00a0\u00a0<\/strong><\/span><\/span><span style=\"color: #134ead;\">Ingressos: <strong>Entrada Gratuita (sujeito a lota\u00e7\u00e3o)<\/strong><\/span><\/p>\n<p><span style=\"color: #134ead;\">Descri\u00e7\u00e3o: <strong>Exibi\u00e7\u00e3o do filme curta-metragem: \u201cAracati\u201d de Veruza Guedes.<\/strong><\/span><\/p>\n<p><span style=\"color: #134ead;\">O vento que chega no ini\u0301cio da noite no serta\u0303o soprando suave lembra a Tereza (Fernanda Ferreira) que seu amor por Josias (Buda Lira) tambe\u0301m vem de longe e se vai quando ela acorda. O filme conta com a participa\u00e7\u00e3o de Marcelia Cartaxo como F\u00e1tima do Abrigo e fala sobre memo\u0301ria, sobre reclusa\u0303o e sobre velhice. E sobre como o amor pode ser contradito\u0301rio.<\/span><\/p>\n<\/div>\n<p><span style=\"color: #134ead;\"><!-- Adicione mais eventos para o dia 27 --><\/span><\/p>\n<\/section>\n<section id=\"dia28\">\n<h3><span style=\"color: #134ead;\">20h25 &#8211; Mostra Competitiva &#8211; Exibi\u00e7\u00e3o do filme longa-metragem \u201cO Faixa Preta &#8211; A Verdadeira Hist\u00f3ria de Fernando Terer\u00ea\u201d de Caco Souza<br \/>\n<\/span><\/h3>\n<p><span style=\"color: #134ead;\">Local: <span style=\"font-size: 14pt;\"><strong>Cine Show Teres\u00f3polis\u00a0\u00a0<\/strong><\/span><\/span><span style=\"color: #134ead;\">Ingressos: <strong>Entrada Gratuita (sujeito a lota\u00e7\u00e3o)<\/strong><\/span><\/p>\n<p><span style=\"color: #134ead;\">Descri\u00e7\u00e3o:<strong> Exibi\u00e7\u00e3o do filme longa-metragem \u201cO Faixa Preta &#8211; A Verdadeira Hist\u00f3ria de Fernando Terer\u00ea\u201d de Caco Souza<br \/>\n<\/strong><\/span><\/p>\n<p><span style=\"color: #134ead;\">O Pentacampea\u0303o mundial de Jiu-Jitsu, Fernando Terere\u0302 (Raphael Logam), venceu quase todas as batalhas que travou nos Tatames. Mas foi longe deles que sofreu o seu maior reve\u0301s. Baseado em fatos reais, o filme narra a fanta\u0301stica histo\u0301ria de superac\u0327a\u0303o de Fernando Terere\u0302.<\/span><\/p>\n<\/section>\n<\/div>\n<p><span style=\"color: #134ead;\"><!-- Adicione mais eventos para o dia 27 --><\/span><\/p>\n<\/section>\n<section id=\"dia28\">\n<h2><\/h2>\n<table style=\"width: 100%; border-collapse: collapse; border-color: #065fbf; background-color: #065fbf;\">\n<tbody>\n<tr>\n<td style=\"width: 100%; text-align: center;\">\n<h2><span style=\"color: #ffffff;\">28 de Agosto \/\/ Quarta-feira<\/span><\/h2>\n<\/td>\n<\/tr>\n<\/tbody>\n<\/table>\n<div class=\"evento\">\n<h3><span style=\"color: #134ead;\">16h00\u00a0 &#8211; Sess\u00e3o Humberto Mauro: Exibi\u00e7\u00e3o do filme curta-metragem \u201cMeus Oito Anos\u201d de Humberto Mauro<\/span><\/h3>\n<p><span style=\"color: #134ead;\">Local: <span style=\"font-size: 14pt;\"><strong>Cine Show Teres\u00f3polis\u00a0\u00a0<\/strong><\/span><\/span><span style=\"color: #134ead;\">Ingressos: <strong>Entrada Gratuita (sujeito a lota\u00e7\u00e3o)<\/strong><\/span><\/p>\n<p><span style=\"color: #134ead;\">Descri\u00e7\u00e3o:<strong> Sess\u00e3o Humberto Mauro: Exibi\u00e7\u00e3o do filme curta-metragem \u201cMeus Oito Anos\u201d de Humberto Mauro<\/strong><\/span><\/p>\n<p><span style=\"color: #134ead;\">\u201cMeus Oito Anos\u201d \u00e9 uma obra po\u00e9tica e nost\u00e1lgica dirigida pelo pioneiro do cinema brasileiro, Humberto Mauro. O filme captura a beleza e a simplicidade da inf\u00e2ncia, evocando mem\u00f3rias de um passado distante atrav\u00e9s de imagens sens\u00edveis e uma narrativa profundamente emocional. Este curta \u00e9 uma celebra\u00e7\u00e3o da vida e das pequenas coisas que a tornam significativa, refletindo a habilidade \u00fanica de Mauro de transformar o cotidiano em arte cinematogr\u00e1fica.<\/span><\/p>\n<h3><span style=\"color: #134ead;\">16h10 &#8211; Palestra: <strong>&#8220;Humberto Mauro &#8211; O Pai do Cinema Brasileiro&#8221;<\/strong> com Andr\u00e9 Di Mauro<\/span><\/h3>\n<p><span style=\"color: #134ead;\">Local: <span style=\"font-size: 14pt;\"><strong>Cine Show Teres\u00f3polis\u00a0\u00a0<\/strong><\/span><\/span><span style=\"color: #134ead;\">Ingressos: <strong>Entrada Gratuita (sujeito a lota\u00e7\u00e3o)<\/strong><\/span><\/p>\n<p><span style=\"color: #134ead;\">Descri\u00e7\u00e3o:<strong> Palestra: &#8220;Humberto Mauro &#8211; O Pai do Cinema Brasileiro&#8221; com Andr\u00e9 Di Mauro<\/strong><\/span><\/p>\n<p><span style=\"color: #134ead;\">Palestra &#8220;Humberto Mauro &#8211; O Pai do Cinema Brasileiro&#8221; com Andr\u00e9 Di Mauro, cineasta e pesquisador dedicado \u00e0 obra de seu ilustre antepassado. Nesta apresenta\u00e7\u00e3o, Andr\u00e9 Di Mauro compartilhar\u00e1 insights profundos sobre a vida e a carreira de Humberto Mauro, destacando suas contribui\u00e7\u00f5es inovadoras que moldaram os rumos do cinema nacional. A palestra oferece uma oportunidade \u00fanica de conhecer mais sobre a trajet\u00f3ria do mestre do cinema brasileiro, suas influ\u00eancias, e seu legado duradouro para a cultura cinematogr\u00e1fica do Brasil.<\/span><\/p>\n<h3><span style=\"color: #134ead;\">17:00 &#8211; Mostra Competitiva &#8211; Exibi\u00e7\u00e3o do filme curta-metragem \u201cSaideira &#8211; A \u00daltima Festa de Rubinho no Higino\u201d de Leo Bittencourt<\/span><\/h3>\n<p><span style=\"color: #134ead;\">Local: <span style=\"font-size: 14pt;\"><strong>Cine Show Teres\u00f3polis\u00a0\u00a0<\/strong><\/span><\/span><span style=\"color: #134ead;\">Ingressos: <strong>Entrada Gratuita (sujeito a lota\u00e7\u00e3o)<\/strong><\/span><\/p>\n<p><span style=\"color: #134ead;\">Descri\u00e7\u00e3o: <strong>Exibi\u00e7\u00e3o do filme curta-metragem \u201cSaideira &#8211; A \u00daltima Festa de Rubinho no Higino\u201d de Leo Bittencourt<br \/>\n<\/strong><\/span><\/p>\n<p><span style=\"color: #134ead;\">Rubens Tendler, o popular Rubinho \u2013 o homem da noite teresopolitana que, por quase 40 anos, comandou o Higino \u2013 a mais famosa estrutura de cultura e entretenimento de Tereso\u0301polis, dentre as maiores do estado do Rio de Janeiro.<br \/>\nDepois de 11 anos sem entrar no Higino desde que entregou a gesta\u0303o do espac\u0327o, Rubinho volta a\u0300 casa no momento de divulgac\u0327a\u0303o e preparativos da que seria a u\u0301ltima festa da sua vida naquele espac\u0327o.<\/span><\/p>\n<section id=\"dia28\">\n<div class=\"evento\">\n<h3><span style=\"color: #134ead;\">17h20 &#8211; Mostra Competitiva &#8211; Exibi\u00e7\u00e3o do filme curta-metragem \u201cVonnie \u2013 O \u00edcone Esquecido da Moda Irlandesa\u201d de Renata Lima<\/span><\/h3>\n<p><span style=\"color: #134ead;\">Local: <span style=\"font-size: 14pt;\"><strong>Cine Show Teres\u00f3polis\u00a0\u00a0<\/strong><\/span><\/span><span style=\"color: #134ead;\">Ingressos: <strong>Entrada Gratuita (sujeito a lota\u00e7\u00e3o)<\/strong><\/span><\/p>\n<p><span style=\"color: #134ead;\">Descri\u00e7\u00e3o: <strong>Exibi\u00e7\u00e3o do filme curta-metragem \u201cVonnie \u2013 O \u00edcone Esquecido da Moda Irlandesa\u201d de Renata Lima<br \/>\n<\/strong><\/span><\/p>\n<p><span style=\"color: #134ead;\">Moda, Fami\u0301lia e Destino. Um retrato i\u0301ntimo e\u0301 tecido pelo relato de tre\u0302s irma\u0303s que recontam o legado da ma\u0303e Vonnie Reynolds \u2013 um i\u0301cone esquecido da moda irlandesa. Imagens de arquivo restauradas desvendam a inco\u0301gnita do passado da designer forc\u0327ada a abandonar a carreira apo\u0301s um acidente tra\u0301gico.<br \/>\n<\/span><\/p>\n<h3><span style=\"color: #134ead;\">18h00 &#8211; Mostra Competitiva &#8211; Exibi\u00e7\u00e3o do filme curta-metragem \u201cGraves e Agudos em Constru\u00e7\u00e3o\u201d de Walter Fernandes Jr.<\/span><\/h3>\n<p><span style=\"color: #134ead;\">Local: <span style=\"font-size: 14pt;\"><strong>Cine Show Teres\u00f3polis\u00a0\u00a0<\/strong><\/span><\/span><span style=\"color: #134ead;\">Ingressos: <strong>Entrada Gratuita (sujeito a lota\u00e7\u00e3o)<\/strong><\/span><\/p>\n<p><span style=\"color: #134ead;\">Descri\u00e7\u00e3o: <strong>Exibi\u00e7\u00e3o do filme curta-metragem \u201cGraves e Agudos em Constru\u00e7\u00e3o\u201d de Walter Fernandes Jr.<br \/>\n<\/strong><\/span><\/p>\n<p><span style=\"color: #134ead;\">Um pedreiro, uma prostituta e um garoto inconformados com a falta de perspectiva em suas vidas resolvem mudar de comportamento para conseguir transformar a sociedade atual.<br \/>\n<\/span><\/p>\n<h3><span style=\"color: #134ead;\">18h20 &#8211; Mostra Competitiva &#8211; Exibi\u00e7\u00e3o do filme curta-metragem \u201cDepend\u00eancias\u201d de Luisa Arraes<\/span><\/h3>\n<p><span style=\"color: #134ead;\">Local: <span style=\"font-size: 14pt;\"><strong>Cine Show Teres\u00f3polis\u00a0\u00a0<\/strong><\/span><\/span><span style=\"color: #134ead;\">Ingressos: <strong>Entrada Gratuita (sujeito a lota\u00e7\u00e3o)<\/strong><\/span><\/p>\n<p><span style=\"color: #134ead;\">Descri\u00e7\u00e3o: <strong>Exibi\u00e7\u00e3o do filme curta-metragem \u201cDepend\u00eancias\u201d de Luisa Arraes<br \/>\n<\/strong><\/span><\/p>\n<p><span style=\"color: #134ead;\">Uma fami\u0301lia convida a equipe do escrito\u0301rio para um jantar, mas a empregada da casa, Dada\u0301, na\u0303o aparece. Eles tera\u0303o que servir os convidados, sem saber sequer onde fica o abridor de vinho em sua pro\u0301pria cozinha.<\/span><\/p>\n<h3><span style=\"color: #134ead;\">19h00 &#8211; Mostra Competitiva &#8211; Exibi\u00e7\u00e3o do filme curta-metragem \u201cA Dif\u00edcil Arte de se Despedir\u201d de Rafael Reis <\/span><\/h3>\n<p><span style=\"color: #134ead;\">Local: <span style=\"font-size: 14pt;\"><strong>Cine Show Teres\u00f3polis\u00a0\u00a0<\/strong><\/span><\/span><span style=\"color: #134ead;\">Ingressos: <strong>Entrada Gratuita (sujeito a lota\u00e7\u00e3o)<\/strong><\/span><\/p>\n<p><span style=\"color: #134ead;\">Descri\u00e7\u00e3o: <strong>Exibi\u00e7\u00e3o do filme curta-metragem \u201cA Dif\u00edcil Arte de se Despedir\u201d de Rafael Reis<br \/>\n<\/strong><\/span><\/p>\n<p><span style=\"color: #134ead;\">Bianca descobre uma doenc\u0327a terminal! Como prosseguir depois dessa devastadora noti\u0301cia? Acompanhamos os desdobramentos da vida de Bianca, como ela reage e os impactos que isso causa aos que esta\u0303o em seu entorno. Uma histo\u0301ria para emocionar e fazer refletir, sobre A Difi\u0301cil Arte de se Despedir.<\/span><\/p>\n<h3><span style=\"color: #134ead;\">19h45 &#8211; Mostra Competitiva &#8211; Exibi\u00e7\u00e3o do filme curta-metragem \u201cTravessia\u201d de Gabriel Lima<\/span><\/h3>\n<p><span style=\"color: #134ead;\">Local: <span style=\"font-size: 14pt;\"><strong>Cine Show Teres\u00f3polis\u00a0\u00a0<\/strong><\/span><\/span><span style=\"color: #134ead;\">Ingressos: <strong>Entrada Gratuita (sujeito a lota\u00e7\u00e3o)<\/strong><\/span><\/p>\n<p><span style=\"color: #134ead;\">Descri\u00e7\u00e3o: <strong>Exibi\u00e7\u00e3o do filme curta-metragem \u201cTravessia\u201d de Gabriel Lima<br \/>\n<\/strong><\/span><\/p>\n<p><span style=\"color: #134ead;\">Um homem (Caio Blat) e uma mulher (Juliane Arau\u0301jo) te\u0302m suas histo\u0301rias de dores e questionamentos entrelac\u0327adas quando ocupam o mesmo espac\u0327o em tempos diferentes. Tempo, esse espac\u0327o pequeno em nossas vidas que termina em morte.<\/span><\/p>\n<h3><span style=\"color: #134ead;\">20h00 &#8211; Mostra Competitiva &#8211; Exibi\u00e7\u00e3o do filme curta-metragem \u201cCorrenteza\u201d de Diego Mu\u0308ller e Pablo Mu\u0308ller<\/span><\/h3>\n<p><span style=\"color: #134ead;\">Local: <span style=\"font-size: 14pt;\"><strong>Cine Show Teres\u00f3polis\u00a0\u00a0<\/strong><\/span><\/span><span style=\"color: #134ead;\">Ingressos: <strong>Entrada Gratuita (sujeito a lota\u00e7\u00e3o)<\/strong><\/span><\/p>\n<p><span style=\"color: #134ead;\">Descri\u00e7\u00e3o: <strong>Exibi\u00e7\u00e3o do filme curta-metragem \u201cCorrenteza\u201d de Diego Mu\u0308ller e Pablo Mu\u0308ller<br \/>\n<\/strong><\/span><\/p>\n<p><span style=\"color: #134ead;\">Um corpo segue na correnteza por uma capital submersa.<br \/>\n<\/span><\/p>\n<h3><span style=\"color: #134ead;\">20h10 &#8211; Mostra Competitiva &#8211; Exibi\u00e7\u00e3o do filme longa-metragem \u201cAl\u00e9m de N\u00f3s\u201d de Rog\u00e9rio Rodrigues<\/span><\/h3>\n<p><span style=\"color: #134ead;\">Local: <span style=\"font-size: 14pt;\"><strong>Cine Show Teres\u00f3polis\u00a0\u00a0<\/strong><\/span><\/span><span style=\"color: #134ead;\">Ingressos: <strong>Entrada Gratuita (sujeito a lota\u00e7\u00e3o)<\/strong><\/span><\/p>\n<p><span style=\"color: #134ead;\">Descri\u00e7\u00e3o: <strong>Exibi\u00e7\u00e3o do filme longa-metragem \u201cAl\u00e9m de N\u00f3s\u201d de Rog\u00e9rio Rodrigues<br \/>\n<\/strong><\/span><\/p>\n<p><span style=\"color: #134ead;\">Leo (Miguel Coelho), um jovem pea\u0303o de fazenda que nunca saiu de seu pequeno vilarejo no sul do Brasil, sofre duas grandes perdas no mesmo dia: demitido e testemunha a morte do pai, da qual se sente culpado. Ao encontrar uma foto e uma carta, Leo se depara com a necessidade de realizar o u\u0301ltimo desejo de seu pai e para atender ao pedido, viaja com seu tio Artur (Thiago Lacerda) para a cidade do Rio de Janeiro. No caminho desconhecido, Leo resgata a relac\u0327a\u0303o com o tio, de quem <\/span><\/p>\n<\/div>\n<\/section>\n<\/div>\n<p><span style=\"color: #134ead;\"><!-- Adicione mais eventos para o dia 28 --><\/span><\/p>\n<\/section>\n<section id=\"dia29\"><\/section>\n<\/div>\n<section id=\"dia29\">\n<table style=\"width: 100%; border-collapse: collapse; border-color: #065fbf; background-color: #065fbf;\">\n<tbody>\n<tr>\n<td style=\"width: 100%; text-align: center;\">\n<h2><span style=\"color: #ffffff;\">29 de Agosto \/\/ Quinta-feira<\/span><\/h2>\n<\/td>\n<\/tr>\n<\/tbody>\n<\/table>\n<div class=\"evento\">\n<h3><span style=\"color: #134ead;\">16h00\u00a0 &#8211; Sess\u00e3o Humberto Mauro: Exibi\u00e7\u00e3o do filme curta-metragem \u201cA Velha a Fiar\u201d de Humberto Mauro<\/span><\/h3>\n<p><span style=\"color: #134ead;\">Local: <span style=\"font-size: 14pt;\"><strong>Cine Show Teres\u00f3polis\u00a0\u00a0<\/strong><\/span><\/span><span style=\"color: #134ead;\">Ingressos: <strong>Entrada Gratuita (sujeito a lota\u00e7\u00e3o)<\/strong><\/span><\/p>\n<p><span style=\"color: #134ead;\">Descri\u00e7\u00e3o:<strong> Sess\u00e3o Humberto Mauro: Exibi\u00e7\u00e3o do filme curta-metragem \u201cA Velha a Fiar\u201d de Humberto Mauro<\/strong><\/span><\/p>\n<p><span style=\"color: #134ead;\">Na Sess\u00e3o Humberto Mauro, ser\u00e1 exibido o curta-metragem \u201cA Velha a Fiar\u201d, um dos filmes mais emblem\u00e1ticos do cineasta. Neste curta, Mauro retrata, com um olhar po\u00e9tico e sat\u00edrico, a vida cotidiana de uma senhora tecendo sua vida em paralelo \u00e0 roda do destino. Com sua linguagem simples e eficaz, o filme se tornou uma das obras-primas do cinema brasileiro, refletindo a genialidade de Humberto Mauro em captar a ess\u00eancia da cultura popular em imagens vibrantes e atemporais.<\/span><\/p>\n<h3><span style=\"color: #134ead;\">16h10 &#8211; Mostra Competitiva &#8211; Exibi\u00e7\u00e3o do filme longa-metragem \u201cO Cordel do Folclore\u201d escrito por Jonathan Marques e dirigido por Adriano Ramires<\/span><\/h3>\n<p><span style=\"color: #134ead;\">Local: <span style=\"font-size: 14pt;\"><strong>Cine Show Teres\u00f3polis\u00a0\u00a0<\/strong><\/span><\/span><span style=\"color: #134ead;\">Ingressos: <strong>Entrada Gratuita (sujeito a lota\u00e7\u00e3o)<\/strong><\/span><\/p>\n<p><span style=\"color: #134ead;\">Descri\u00e7\u00e3o: <strong>Exibi\u00e7\u00e3o do filme longa-metragem \u201cO Cordel do Folclore\u201d escrito por Jonathan Marques e dirigido por Adriano Ramires<br \/>\n<\/strong><\/span><\/p>\n<p><span style=\"color: #134ead;\">O Cordel do Folclore\u201d e\u0301 um filme que combina elementos do cordel nordestino com lendas do folclore brasileiro. O filme explora de maneira criativa e poe\u0301tica diversas histo\u0301rias e figuras do imagina\u0301rio popular do Brasil, utilizando a linguagem caracteri\u0301stica dos corde\u0301is, que sa\u0303o poemas narrativos tradicionais. Ze\u0301 do Cordel, um contador de histo\u0301rias do serta\u0303o nordestino, descobre um antigo livro encantado por Tupa\u0303, o deus dos povos indi\u0301genas. Ao abri-lo, ele inadvertidamente cria um portal para um mundo onde os personagens ico\u0302nicos do folclore brasileiro ganham vida.<\/span><\/p>\n<h3><span style=\"color: #134ead;\">18h00 &#8211; Mostra Competitiva &#8211; Exibi\u00e7\u00e3o do longa-metragem \u201cQuando a Coisa Vira Outra\u201d de Marcio de Andrade<\/span><\/h3>\n<p><span style=\"color: #134ead;\">Local: <span style=\"font-size: 14pt;\"><strong>Cine Show Teres\u00f3polis\u00a0\u00a0<\/strong><\/span><\/span><span style=\"color: #134ead;\">Ingressos: <strong>Entrada Gratuita (sujeito a lota\u00e7\u00e3o)<\/strong><\/span><\/p>\n<p><span style=\"color: #134ead;\">Descri\u00e7\u00e3o: <strong>Exibi\u00e7\u00e3o do longa-metragem \u201cQuando a Coisa Vira Outra\u201d de Marcio de Andrade<br \/>\n<\/strong><\/span><\/p>\n<p><span style=\"color: #134ead;\">O Cinema da desigualdade de Vladimir Carvalho marcou a trajeto\u0301ria do documentarista ao longo de de\u0301cadas de atividade. Com origem na seca regia\u0303o do Nordeste e radicado em Brasi\u0301lia, Vladimir transitou com desenvoltura entre as memo\u0301rias nordestinas e a poli\u0301tica da capital em va\u0301rios filmes. \u201cQuando a coisa vira outra\u201d e\u0301 um encontro entre imagens com Vladimir e seu irma\u0303o, Walter Carvalho, cineasta e diretor de fotografia. Desde o ini\u0301cio, Walter foi levado pelo irma\u0303o a participar do universo do cinema. Walter Carvalho fotografou diversos filmes importantes do cinema nacional, construindo tambe\u0301m sua linguagem pro\u0301pria na direc\u0327a\u0303o. O documenta\u0301rio percorre os mais importantes filmes realizados por Vladimir, numa conversa entre irma\u0303os que revelam seus processos criativos e de onde surgem as ideias para mostrar a verdadeira realidade de um pai\u0301s.<\/span><\/p>\n<h3><span style=\"color: #134ead;\">19h50 &#8211; Mostra Competitiva &#8211; Exibi\u00e7\u00e3o do filme curta-metragem \u201cA Lenda dos Cavaleiros da \u00c1gua\u201d de Helen Quintans<\/span><\/h3>\n<p><span style=\"color: #134ead;\">Local: <span style=\"font-size: 14pt;\"><strong>Cine Show Teres\u00f3polis\u00a0\u00a0<\/strong><\/span><\/span><span style=\"color: #134ead;\">Ingressos: <strong>Entrada Gratuita (sujeito a lota\u00e7\u00e3o)<\/strong><\/span><\/p>\n<p><span style=\"color: #134ead;\">Descri\u00e7\u00e3o: <strong>Exibi\u00e7\u00e3o do filme curta-metragem \u201cA Lenda dos Cavaleiros da \u00c1gua\u201d de Helen Quintans<br \/>\n<\/strong><\/span><\/p>\n<p><span style=\"color: #134ead;\">Violeta e sua filha Margarida vivem isoladas em um si\u0301tio assolado pela seca e tem suas vidas transformadas com a chegada de tre\u0302s misteriosos cavaleiros cac\u0327adores de nuvens.<\/span><\/p>\n<h3><span style=\"color: #134ead;\">20h20 &#8211; Mostra Competitiva &#8211; Exibi\u00e7\u00e3o do filme curta-metragem \u201cEra Uma Noite de S\u00e3o Jo\u00e3o\u201d de Bruna Velden<\/span><\/h3>\n<p><span style=\"color: #134ead;\">Local: <span style=\"font-size: 14pt;\"><strong>Cine Show Teres\u00f3polis\u00a0\u00a0<\/strong><\/span><\/span><span style=\"color: #134ead;\">Ingressos: <strong>Entrada Gratuita (sujeito a lota\u00e7\u00e3o)<\/strong><\/span><\/p>\n<p><span style=\"color: #134ead;\">Descri\u00e7\u00e3o: <strong>Exibi\u00e7\u00e3o do filme curta-metragem \u201cEra Uma Noite de S\u00e3o Jo\u00e3o\u201d de Bruna Velden<\/strong><\/span><\/p>\n<p><span style=\"color: #134ead;\">Dona Dorinha, uma viu\u0301va idosa cumprindo quarentena no interior do Serta\u0303o, relembra da janela de seu sobradinho a sua histo\u0301ria de vida atrave\u0301s das festas juninas da cidade ao longo dos anos.<br \/>\n<\/span><\/p>\n<h3><span style=\"color: #134ead;\">20h30 &#8211; Mostra Competitiva &#8211; Exibi\u00e7\u00e3o do filme longa-metragem \u201cCordel do Amor Sem Fim\u201d de Daniel Alvim<\/span><\/h3>\n<p><span style=\"color: #134ead;\">Local: <span style=\"font-size: 14pt;\"><strong>Cine Show Teres\u00f3polis\u00a0\u00a0<\/strong><\/span><\/span><span style=\"color: #134ead;\">Ingressos: <strong>Entrada Gratuita (sujeito a lota\u00e7\u00e3o)<\/strong><\/span><\/p>\n<p><span style=\"color: #134ead;\">Descri\u00e7\u00e3o: <strong>Exibi\u00e7\u00e3o do filme longa-metragem \u201cCordel do Amor Sem Fim\u201d de Daniel Alvim<br \/>\n<\/strong><\/span><\/p>\n<p><span style=\"color: #134ead;\">Numa pacata cidade, vivem tr\u00eas irm\u00e3s \u2013 Madalena (Helena Ranaldi), Carminha (Patr\u00edcia Gaspar) e a jovem e sonhadora Teresa (M\u00e1rcia de Oliveira), por quem o namorado Jos\u00e9 nutre um sentimento arrebatador e possessivo. No dia em que Jos\u00e9 (Luciano Gatti) vai pedi-la em casamento, um encontro no porto da cidade sela o destino de Teresa: ela se apaixona por Ant\u00f4nio (Marcelo Marothy), um viajante que est\u00e1 de passagem pela cidade. A partir deste ponto, a trama se desenrola em fun\u00e7\u00e3o da espera de Teresa pelo retorno de Ant\u00f4nio. A espera contagia a todos e as personagens passam a viver na expectativa de que algo mude em suas vidas.<br \/>\n<\/span><\/p>\n<\/div>\n<\/section>\n<section id=\"dia30\">\n<table style=\"width: 100%; border-collapse: collapse; border-color: #065fbf; background-color: #065fbf;\">\n<tbody>\n<tr>\n<td style=\"width: 100%; text-align: center;\">\n<h2><span style=\"color: #ffffff;\">30 de Agosto \/\/ Sexta-feira<\/span><\/h2>\n<\/td>\n<\/tr>\n<\/tbody>\n<\/table>\n<div class=\"evento\">\n<h3><span style=\"color: #134ead;\">16h00 &#8211; Palestra: \u201cA For\u00e7a das Mulheres no Cinema Brasileiro\u201d com a diretora e produtora Carolina Paiva<\/span><\/h3>\n<p><span style=\"color: #134ead;\">Local: <span style=\"font-size: 14pt;\"><strong>Cine Show Teres\u00f3polis\u00a0\u00a0<\/strong><\/span><\/span><span style=\"color: #134ead;\">Ingressos: <strong>Entrada Gratuita (sujeito a lota\u00e7\u00e3o)<\/strong><\/span><\/p>\n<p><span style=\"color: #134ead;\">Descri\u00e7\u00e3o:<strong> Palestra: \u201cA For\u00e7a das Mulheres no Cinema Brasileiro\u201d com a diretora e produtora Carolina Paiva<\/strong><\/span><\/p>\n<p><span style=\"color: #134ead;\">A Palestra: \u201cA For\u00e7a das Mulheres no Cinema Brasileiro\u201d**, com a diretora e produtora Carolina Paiva, destaca o papel crucial das mulheres na constru\u00e7\u00e3o e evolu\u00e7\u00e3o do cinema nacional. Carolina, uma das vozes mais influentes da nova gera\u00e7\u00e3o de cineastas, compartilhar\u00e1 suas experi\u00eancias e desafios na ind\u00fastria, al\u00e9m de discutir a import\u00e2ncia da representatividade feminina tanto atr\u00e1s quanto \u00e0 frente das c\u00e2meras. A palestra oferece uma oportunidade \u00fanica de reflex\u00e3o sobre o impacto e as conquistas das mulheres no cen\u00e1rio cinematogr\u00e1fico brasileiro.<\/span><\/p>\n<section id=\"dia29\">\n<div class=\"evento\">\n<h3><span style=\"color: #134ead;\">16h50 &#8211; Mostra Competitiva &#8211; Exibi\u00e7\u00e3o do filme longa-metragem \u201cLus\u00f3fonas\u201d de Carolina Paiva<\/span><\/h3>\n<p><span style=\"color: #134ead;\">Local: <span style=\"font-size: 14pt;\"><strong>Cine Show Teres\u00f3polis\u00a0\u00a0<\/strong><\/span><\/span><span style=\"color: #134ead;\">Ingressos: <strong>Entrada Gratuita (sujeito a lota\u00e7\u00e3o)<\/strong><\/span><\/p>\n<p><span style=\"color: #134ead;\">Descri\u00e7\u00e3o: <strong>Exibi\u00e7\u00e3o do filme longa-metragem \u201cLus\u00f3fonas\u201d de Carolina Paiva<br \/>\n<\/strong><\/span><\/p>\n<p><span style=\"color: #134ead;\">Rodado no Brasil, Angola, Moc\u0327ambique e em Portugal o documenta\u0301rio investiga como que a lusofonia consegue igualar e trazer as mulheres de tre\u0302s continentes, bem distintos, a uma so\u0301 realidade. O filme aborda as mulheres da Lusofonia, desde deputadas, empresa\u0301rias, jornalistas a mulheres comuns, e uma das personagens Moc\u0327ambicanas e\u0301 criadora do Banco Econo\u0302mico para Mulher. Suas dores, suas lutas, seus anseios, sa\u0303o iguais no mundo todo! Sera\u0301 que as mulheres \u201cLUSO\u0301FONAS\u201d sa\u0303o diferentes?<\/span><\/p>\n<section id=\"dia30\">\n<div class=\"evento\">\n<section id=\"dia29\">\n<div class=\"evento\">\n<h3><span style=\"color: #134ead;\">18h20 &#8211; Mostra Competitiva &#8211; Exibi\u00e7\u00e3o do filme longa-metragem \u201cKunha\u0303 Karai\u0301 e as Narrativas da Terra\u201d de Paola Mallmann<\/span><\/h3>\n<p><span style=\"color: #134ead;\">Local: <span style=\"font-size: 14pt;\"><strong>Cine Show Teres\u00f3polis\u00a0\u00a0<\/strong><\/span><\/span><span style=\"color: #134ead;\">Ingressos: <strong>Entrada Gratuita (sujeito a lota\u00e7\u00e3o)<\/strong><\/span><\/p>\n<p><span style=\"color: #134ead;\">Descri\u00e7\u00e3o: <strong>Exibi\u00e7\u00e3o do filme longa-metragem \u201cKunha\u0303 Karai\u0301 e as Narrativas da Terra\u201d de Paola Mallmann<br \/>\n<\/strong><\/span><\/p>\n<p><span style=\"color: #134ead;\">O filme e\u0301 uma aproximac\u0327a\u0303o com a histo\u0301ria de vida de mulheres indi\u0301genas brasileiras, em que processos de luta e cura permeiam suas trajeto\u0301rias em tornar-se lideranc\u0327as.Entre sonhos, elementos da cosmovisa\u0303o ameri\u0301ndia memo\u0301rias e engajamento coletivo, reconhecemos a autenticidade de suas relac\u0327o\u0303es com o territo\u0301rio e a memo\u0301ria brasileira. O protagonismo feminino indi\u0301gena, na atuac\u0327a\u0303o coletiva em defesa dos direitos origina\u0301rios, perpassa o debate sobre mudanc\u0327as clima\u0301ticas, sa\u0303o elementos que apontam caminhos na busca de reconexa\u0303o com a identidade ancestral e iluminam outras perspectivas e valores, fundamentais para a renovac\u0327a\u0303o dos modos de ser humano e sua relac\u0327a\u0303o com a natureza.<\/span><\/p>\n<h3><span style=\"color: #134ead;\">20h20 &#8211; Mostra Competitiva &#8211; Exibi\u00e7\u00e3o do filme curta-metragem \u201cSombras da Cidade&#8221; de Sanderson Costa e Wellington Teixeira<br \/>\n<\/span><\/h3>\n<p><span style=\"color: #134ead;\">Local: <span style=\"font-size: 14pt;\"><strong>Cine Show Teres\u00f3polis\u00a0\u00a0<\/strong><\/span><\/span><span style=\"color: #134ead;\">Ingressos: <strong>Entrada Gratuita (sujeito a lota\u00e7\u00e3o)<\/strong><\/span><\/p>\n<p><span style=\"color: #134ead;\">Descri\u00e7\u00e3o: <strong>Exibi\u00e7\u00e3o do filme curta-metragem \u201cSombras da Cidade&#8221; de Sanderson Costa e Wellington Teixeira<br \/>\n<\/strong><\/span><\/p>\n<p><span style=\"color: #134ead;\">Davi (Rodrigo Martins), um foto\u0301grafo apaixonado fotografar o caos, pessoas drogadas, be\u0302badas, lugares sujos e obscuros. No dia seguinte, ao revisar as fotos, uma silhueta negra chama sua atenc\u0327a\u0303o. Sempre ao fundo e olhando para a ca\u0302mera. Davi se torna obcecado pela figura. Ele ve\u0302 a figura em cada foto que tirou, em diferentes locais, mas sempre nas revelac\u0327o\u0303es e nunca no momento da foto.<br \/>\n<\/span><\/p>\n<h3><span style=\"color: #134ead;\">20h40 &#8211; Mostra Competitiva &#8211; Exibi\u00e7\u00e3o do filme longa-metragem \u201cAtena\u201d de Caco Souza<br \/>\n<\/span><\/h3>\n<p><span style=\"color: #134ead;\">Local: <span style=\"font-size: 14pt;\"><strong>Cine Show Teres\u00f3polis\u00a0\u00a0<\/strong><\/span><\/span><span style=\"color: #134ead;\">Ingressos: <strong>Entrada Gratuita (sujeito a lota\u00e7\u00e3o)<\/strong><\/span><\/p>\n<p><span style=\"color: #134ead;\">Descri\u00e7\u00e3o: <strong>Exibi\u00e7\u00e3o do filme longa-metragem \u201cAtena\u201d de Caco Souza<br \/>\n<\/strong><\/span><\/p>\n<p><span style=\"color: #134ead;\">O Atena (Mel Lisboa) foi abusada por seu pai durante a infa\u0302ncia. Como ele desapareceu, ela faz hoje justic\u0327a com as pro\u0301prias ma\u0303os em casos semelhantes que ocorrem em sua cidade. Com ajuda do jornalista Carlos (Thiago Fragoso), Atena encontra seu pai em Montevide\u0301u, em busca de vinganc\u0327a.<br \/>\n<\/span><\/p>\n<\/div>\n<\/section>\n<\/div>\n<\/section>\n<\/div>\n<\/section>\n<\/div>\n<\/section>\n<section id=\"dia31\">\n<table style=\"width: 100%; border-collapse: collapse; border-color: #065fbf; background-color: #065fbf;\">\n<tbody>\n<tr>\n<td style=\"width: 100%; text-align: center;\">\n<h2><span style=\"color: #ffffff;\">31 de Agosto \/\/ S\u00e1bado<\/span><\/h2>\n<\/td>\n<\/tr>\n<\/tbody>\n<\/table>\n<div class=\"evento\">\n<h3><span style=\"color: #134ead;\">20h00 &#8211; Cerim\u00f4nia de Premia\u00e7\u00e3o da 4\u00aa Mostra Humberto Mauro &#8211; O Pai do Cinema Brasileiro<br \/>\n<\/span><\/h3>\n<p><span style=\"color: #134ead;\">Local: <span style=\"font-size: 14pt;\"><strong>Espa\u00e7o Cultural Higino<\/strong><strong>\u00a0<\/strong><\/span><\/span><\/p>\n<p><span style=\"color: #134ead;\">Descri\u00e7\u00e3o: <strong>Cerim\u00f4nia de Premia\u00e7\u00e3o da 4\u00aa Mostra Humberto Mauro -O Pai do Cinema Brasileiro<br \/>\n<\/strong><\/span><\/p>\n<p><span style=\"color: #134ead;\">A Cerim\u00f4nia de Premia\u00e7\u00e3o da 4\u00aa Mostra Humberto Mauro &#8211; O Pai do Cinema Brasileiro marca o encerramento de uma semana dedicada \u00e0 celebra\u00e7\u00e3o do cinema nacional. Durante este evento especial, ser\u00e3o entregues os trof\u00e9us Cinelux, uma homenagem aos melhores filmes e profissionais que se destacaram na Mostra Competitiva. A cerim\u00f4nia promete ser uma noite de reconhecimento e emo\u00e7\u00e3o, celebrando o talento e a criatividade que mant\u00eam vivo o legado de Humberto Mauro, um dos pioneiros do cinema brasileiro. Esta \u00e9 a oportunidade de reconhecer o esfor\u00e7o e a paix\u00e3o que moldam o futuro do nosso cinema.<\/span><\/p>\n<\/div>\n<\/section>\n<section id=\"dia01\">\n<table style=\"width: 100%; border-collapse: collapse; border-color: #065fbf; background-color: #065fbf;\">\n<tbody>\n<tr>\n<td style=\"width: 100%; text-align: center;\">\n<h2><span style=\"color: #ffffff;\">1 de Setembro \/\/ Domingo<\/span><\/h2>\n<\/td>\n<\/tr>\n<\/tbody>\n<\/table>\n<div class=\"evento\">\n<h3><span style=\"color: #134ead;\">16h00 &#8211; O Cinema Continua: Mostra Humberto Mauro Segue Online com Diversidade e Inclus\u00e3o<br \/>\n<\/span><\/h3>\n<p><span style=\"color: #134ead;\">Local: <span style=\"font-size: 14pt;\"><strong>Espa\u00e7o Cultural Higino<\/strong><strong> &#8211; Sal\u00e3o Marajoara<\/strong><\/span><\/span><\/p>\n<p><span style=\"color: #134ead;\">Descri\u00e7\u00e3o: <strong>O Cinema Continua: Mostra Humberto Mauro Segue Online com Diversidade e Inclus\u00e3o<br \/>\n<\/strong><\/span><\/p>\n<p><span style=\"color: #134ead;\">No dia 1\u00ba de setembro, encerramos a mostra presencial da 4\u00aa Mostra Humberto Mauro \u2013 O Pai do Cinema Brasileiro, mas o evento ainda continua de forma online! Ser\u00e1 um momento de agradecer e homenagear a todos que participaram e contribu\u00edram para o sucesso desta edi\u00e7\u00e3o \u2013 cineastas, equipes t\u00e9cnicas, apoiadores e, claro, o p\u00fablico que nos acompanhou. E vamos anunciar os filmes habilitados para a Mostra Online de Acessibilidade, que promete trazer ainda mais diversidade e inclus\u00e3o \u00e0 nossa mostra. Essa \u00e9 uma despedida da parte presencial, mas n\u00e3o do evento como um todo. O cinema segue vivo, e nossa celebra\u00e7\u00e3o continua no espa\u00e7o digital!o fechamento da 4\u00aa Mostra Humberto Mauro &#8211; O Pai do Cinema Brasileiro, dedicaremos um momento para expressar nossa gratid\u00e3o a todos que participaram e contribu\u00edram para o sucesso deste evento. Com essas palavras finais, reconhecemos o trabalho \u00e1rduo, a paix\u00e3o pelo cinema, e o apoio inestim\u00e1vel de todos os envolvidos. \u00c9 uma despedida tempor\u00e1ria, at\u00e9 a pr\u00f3xima edi\u00e7\u00e3o, onde nos encontraremos novamente para celebrar o legado do cinema nacional.<\/span><\/p>\n<p style=\"text-align: center;\"><span style=\"font-size: 8pt;\"><strong>4\u00aa MOSTRA HUMBERTO MAURO<\/strong><\/span><\/p>\n<\/div>\n<p><img loading=\"lazy\" decoding=\"async\" class=\"alignnone size-large wp-image-548\" src=\"http:\/\/www.dimaurofilmes.com\/mostra_humberto_mauro\/wp-content\/uploads\/2024\/09\/TODAS_AS_MARCAS-1024x263.png\" alt=\"\" width=\"1024\" height=\"263\" srcset=\"http:\/\/www.dimaurofilmes.com\/mostra_humberto_mauro\/wp-content\/uploads\/2024\/09\/TODAS_AS_MARCAS-1024x263.png 1024w, http:\/\/www.dimaurofilmes.com\/mostra_humberto_mauro\/wp-content\/uploads\/2024\/09\/TODAS_AS_MARCAS-300x77.png 300w, http:\/\/www.dimaurofilmes.com\/mostra_humberto_mauro\/wp-content\/uploads\/2024\/09\/TODAS_AS_MARCAS-768x197.png 768w, http:\/\/www.dimaurofilmes.com\/mostra_humberto_mauro\/wp-content\/uploads\/2024\/09\/TODAS_AS_MARCAS-1536x395.png 1536w, http:\/\/www.dimaurofilmes.com\/mostra_humberto_mauro\/wp-content\/uploads\/2024\/09\/TODAS_AS_MARCAS-2048x526.png 2048w\" sizes=\"(max-width: 1024px) 100vw, 1024px\" \/><\/p>\n<\/section>\n","protected":false},"excerpt":{"rendered":"<p>&nbsp; Programa\u00e7\u00e3o 26 de Agosto 27 de Agosto 28 de Agosto 29 de Agosto 30 de Agosto 31 de Agosto 1\u00a0 de Setembro 26 de Agosto \/\/ Segunda-feira 20h00 &#8211; Abertura Oficial da Mostra com exibi\u00e7\u00e3o do filme longa-metragem \u201cHumberto Mauro, Cinema \u00e9 Cachoeira\u201d de Andr\u00e9 Di Mauro Local: Cine Show Teres\u00f3polis\u00a0\u00a0Ingressos: Entrada Gratuita (sujeito [&hellip;]<\/p>\n","protected":false},"author":1,"featured_media":0,"parent":0,"menu_order":0,"comment_status":"closed","ping_status":"closed","template":"","meta":{"ngg_post_thumbnail":0,"footnotes":""},"_links":{"self":[{"href":"http:\/\/www.dimaurofilmes.com\/mostra_humberto_mauro\/wp-json\/wp\/v2\/pages\/342"}],"collection":[{"href":"http:\/\/www.dimaurofilmes.com\/mostra_humberto_mauro\/wp-json\/wp\/v2\/pages"}],"about":[{"href":"http:\/\/www.dimaurofilmes.com\/mostra_humberto_mauro\/wp-json\/wp\/v2\/types\/page"}],"author":[{"embeddable":true,"href":"http:\/\/www.dimaurofilmes.com\/mostra_humberto_mauro\/wp-json\/wp\/v2\/users\/1"}],"replies":[{"embeddable":true,"href":"http:\/\/www.dimaurofilmes.com\/mostra_humberto_mauro\/wp-json\/wp\/v2\/comments?post=342"}],"version-history":[{"count":61,"href":"http:\/\/www.dimaurofilmes.com\/mostra_humberto_mauro\/wp-json\/wp\/v2\/pages\/342\/revisions"}],"predecessor-version":[{"id":554,"href":"http:\/\/www.dimaurofilmes.com\/mostra_humberto_mauro\/wp-json\/wp\/v2\/pages\/342\/revisions\/554"}],"wp:attachment":[{"href":"http:\/\/www.dimaurofilmes.com\/mostra_humberto_mauro\/wp-json\/wp\/v2\/media?parent=342"}],"curies":[{"name":"wp","href":"https:\/\/api.w.org\/{rel}","templated":true}]}}