{"id":387,"date":"2024-07-30T06:52:53","date_gmt":"2024-07-30T06:52:53","guid":{"rendered":"https:\/\/www.dimaurofilmes.com\/mostra_humberto_mauro\/?page_id=387"},"modified":"2024-09-02T02:27:18","modified_gmt":"2024-09-02T02:27:18","slug":"curtas-brasileiros-2","status":"publish","type":"page","link":"http:\/\/www.dimaurofilmes.com\/mostra_humberto_mauro\/curtas-brasileiros-2\/","title":{"rendered":"Curtas Brasileiros"},"content":{"rendered":"<h1 style=\"text-align: left;\"><span style=\"font-size: 36pt;\">4\u00aa Mostra Humberto Mauro &#8211; Curtas Brasileiros<\/span><\/h1>\n<div class=\"header\">\n<p>&nbsp;<\/p>\n<\/div>\n<div class=\"container\" style=\"text-align: left;\">\n<div class=\"movie-list\">\n<div class=\"movie-item\">\n<p><img loading=\"lazy\" decoding=\"async\" src=\"http:\/\/www.dimaurofilmes.com\/mostra_humberto_mauro\/wp-content\/uploads\/2024\/07\/TRAVESSIA-CAIO-BLAT.jpg\" alt=\"Poster do filme 1\" width=\"300\" height=\"450\" \/><\/p>\n<div class=\"movie-item-content\">\n<h2>Travessia<\/h2>\n<p>Diretor: Gabriel Lima<\/p>\n<p>Sinopse: Um homem (<span style=\"font-size: 1em;\">Caio Blat) e uma mulher (Juliane Arau\u0301jo) <\/span>te\u0302m suas histo\u0301rias de dores e questionamentos entrelac\u0327adas quando ocupam o mesmo espac\u0327o em tempos diferentes. Tempo, esse espac\u0327o pequeno em nossas vidas que termina em morte.<\/p>\n<p>&nbsp;<\/p>\n<\/div>\n<\/div>\n<div class=\"movie-item\">\n<p><img loading=\"lazy\" decoding=\"async\" src=\"http:\/\/www.dimaurofilmes.com\/mostra_humberto_mauro\/wp-content\/uploads\/2024\/07\/de-frente-pro-escuro.jpg\" alt=\"Poster do filme 2\" width=\"300\" height=\"450\" \/><\/p>\n<div class=\"movie-item-content\">\n<h2>De Frente Pro Escuro<\/h2>\n<p>Diretor: Danilo Sacramento<\/p>\n<p>Sinopse:<\/p>\n<div class=\"page\" title=\"Page 4\">\n<div class=\"layoutArea\">\n<div class=\"column\">\n<p>Um pai ausente (Jackson Antunes), no seu aniversa\u0301rio de 65 anos, tenta se reaproximar dos filhos.<\/p>\n<\/div>\n<\/div>\n<\/div>\n<\/div>\n<p>&nbsp;<\/p>\n<\/div>\n<\/div>\n<div class=\"movie-item\">\n<p><img loading=\"lazy\" decoding=\"async\" src=\"http:\/\/www.dimaurofilmes.com\/mostra_humberto_mauro\/wp-content\/uploads\/2024\/07\/Aracati.jpg\" alt=\"Poster do filme 2\" width=\"300\" height=\"450\" \/><\/p>\n<div class=\"movie-item-content\">\n<h2>Aracati<\/h2>\n<p>Diretora: Veruza Guedes<\/p>\n<p>O vento que chega no ini\u0301cio da noite no serta\u0303o soprando suave lembra a Tereza (Fernanda Ferreira) que seu amor por Josias (Buda Lira) tambe\u0301m vem de longe e se vai quando ela acorda. O filme conta com a participa\u00e7\u00e3o de Marcelia Cartaxo como F\u00e1tima do Abrigo e fala sobre memo\u0301ria, sobre reclusa\u0303o e sobre velhice. E sobre como o amor pode ser contradito\u0301rio.<\/p>\n<p>&nbsp;<\/p>\n<\/div>\n<\/div>\n<\/div>\n<div class=\"movie-item\" style=\"text-align: left;\">\n<p><img loading=\"lazy\" decoding=\"async\" src=\"http:\/\/www.dimaurofilmes.com\/mostra_humberto_mauro\/wp-content\/uploads\/2024\/07\/DEPENDENCIAS.jpg\" alt=\"Poster do filme 2\" width=\"300\" height=\"450\" \/><\/p>\n<div class=\"movie-item-content\">\n<h2>Depend\u00eancias<\/h2>\n<p>Diretora: Luisa Arraes<\/p>\n<p>Sinopse: Uma fami\u0301lia convida a equipe do escrito\u0301rio para um jantar, mas a empregada da casa, Dada\u0301, na\u0303o aparece. Eles tera\u0303o que servir os convidados, sem saber sequer onde fica o abridor de vinho em sua pro\u0301pria cozinha.<\/p>\n<p>&nbsp;<\/p>\n<\/div>\n<\/div>\n<div class=\"movie-item\" style=\"text-align: left;\">\n<p><img loading=\"lazy\" decoding=\"async\" src=\"http:\/\/www.dimaurofilmes.com\/mostra_humberto_mauro\/wp-content\/uploads\/2024\/07\/Lenda1-Helen-Quintans-scaled.jpg\" alt=\"Poster do filme 2\" width=\"300\" height=\"450\" \/><\/p>\n<div class=\"movie-item-content\">\n<h2>A Lenda dos Cavaleiros da \u00c1gua<\/h2>\n<p>Diretora: Helen Quintans<\/p>\n<p>Sinopse: Violeta e sua filha Margarida vivem isoladas em um si\u0301tio assolado pela seca e tem suas vidas transformadas com a chegada de tre\u0302s misteriosos cavaleiros cac\u0327adores de nuvens.<\/p>\n<p>&nbsp;<\/p>\n<\/div>\n<\/div>\n<div class=\"movie-item\" style=\"text-align: left;\">\n<p><img loading=\"lazy\" decoding=\"async\" src=\"http:\/\/www.dimaurofilmes.com\/mostra_humberto_mauro\/wp-content\/uploads\/2024\/07\/Era-uma-noite-de-Sao-Joao1.jpg\" alt=\"Poster do filme 2\" width=\"300\" height=\"450\" \/><\/p>\n<div class=\"movie-item-content\">\n<h2>Era uma noite de Sa\u0303o Joa\u0303o<\/h2>\n<p>Diretora: Bruna Velden<\/p>\n<p>Sinopse: Dona Dorinha, uma viu\u0301va idosa cumprindo quarentena no interior do Serta\u0303o, relembra da janela de seu sobradinho a sua histo\u0301ria de vida atrave\u0301s das festas juninas da cidade ao longo dos anos.<\/p>\n<p>&nbsp;<\/p>\n<\/div>\n<\/div>\n<div class=\"movie-item\" style=\"text-align: left;\">\n<p><img loading=\"lazy\" decoding=\"async\" src=\"http:\/\/www.dimaurofilmes.com\/mostra_humberto_mauro\/wp-content\/uploads\/2024\/07\/a-dificil-arte-de-se-despedir-.jpg\" alt=\"Poster do filme 2\" width=\"300\" height=\"450\" \/><\/p>\n<div class=\"movie-item-content\">\n<h2>A Difi\u0301cil Arte de se Despedir<\/h2>\n<p>Diretor: Rafael Reis<\/p>\n<p>Sinopse: Bianca descobre uma doenc\u0327a terminal! Como prosseguir depois dessa devastadora noti\u0301cia? Acompanhamos os desdobramentos da vida de Bianca, como ela reage e os impactos que isso causa aos que esta\u0303o em seu entorno. Uma histo\u0301ria para emocionar e fazer refletir, sobre A Difi\u0301cil Arte de se Despedir.<\/p>\n<p>&nbsp;<\/p>\n<\/div>\n<\/div>\n<div class=\"movie-item\" style=\"text-align: left;\">\n<p><img loading=\"lazy\" decoding=\"async\" src=\"http:\/\/www.dimaurofilmes.com\/mostra_humberto_mauro\/wp-content\/uploads\/2024\/07\/Correnteza-scaled.jpg\" alt=\"Poster do filme 2\" width=\"300\" height=\"450\" \/><\/p>\n<div class=\"movie-item-content\">\n<h2>Correnteza<\/h2>\n<p>Diretores: Diego Mu\u0308ller e Pablo Mu\u0308ller<\/p>\n<p>Sinopse: Um corpo segue na correnteza por uma capital submersa.<\/p>\n<p>&nbsp;<\/p>\n<\/div>\n<\/div>\n<div class=\"movie-item\" style=\"text-align: left;\">\n<p><img loading=\"lazy\" decoding=\"async\" src=\"http:\/\/www.dimaurofilmes.com\/mostra_humberto_mauro\/wp-content\/uploads\/2024\/07\/graves-e-agudos-em-construcao.jpg\" alt=\"Poster do filme 2\" width=\"300\" height=\"450\" \/><\/p>\n<div class=\"movie-item-content\">\n<h2>Graves e Agudos em Construc\u0327a\u0303o<\/h2>\n<p>Diretor: Walter Fernandes Jr.<\/p>\n<p>Sinopse: Um pedreiro, uma prostituta e um garoto inconformados com a falta de perspectiva em suas vidas resolvem mudar de comportamento para conseguir transformar a sociedade atual.<\/p>\n<p>&nbsp;<\/p>\n<\/div>\n<\/div>\n<div class=\"movie-item\" style=\"text-align: left;\">\n<p><img loading=\"lazy\" decoding=\"async\" src=\"http:\/\/www.dimaurofilmes.com\/mostra_humberto_mauro\/wp-content\/uploads\/2024\/07\/Sombras-da-Cidade-1.jpg\" alt=\"Poster do filme 2\" width=\"300\" height=\"450\" \/><\/p>\n<div class=\"movie-item-content\">\n<h2>Sombras da Cidade<\/h2>\n<p>Diretores: Sanderson Costa e Wellington Teixeira<\/p>\n<p>Sinopse: Davi (Rodrigo Martins), um foto\u0301grafo apaixonado fotografar o caos, pessoas drogadas, be\u0302badas, lugares sujos e obscuros. No dia seguinte, ao revisar as fotos, uma silhueta negra chama sua atenc\u0327a\u0303o. Sempre ao fundo e olhando para a ca\u0302mera. Davi se torna obcecado pela figura. Ele ve\u0302 a figura em cada foto que tirou, em diferentes locais, mas sempre nas revelac\u0327o\u0303es e nunca no momento da foto.<\/p>\n<p>&nbsp;<\/p>\n<\/div>\n<\/div>\n<div class=\"movie-item\" style=\"text-align: left;\">\n<p><img loading=\"lazy\" decoding=\"async\" src=\"http:\/\/www.dimaurofilmes.com\/mostra_humberto_mauro\/wp-content\/uploads\/2024\/07\/saideira.jpeg\" alt=\"Poster do filme 2\" width=\"300\" height=\"450\" \/><\/p>\n<div class=\"movie-item-content\">\n<h2>Saideira &#8211; A U\u0301ltima Festa de Rubinho no Higino<\/h2>\n<p>Diretor: Leo Bittencourt<\/p>\n<p>Sinopse: Rubens Tendler, o popular Rubinho &#8211; o homem da noite teresopolitana que, por quase 40 anos, comandou o Higino &#8211; a mais famosa estrutura de cultura e entretenimento de Tereso\u0301polis, dentre as maiores do estado do Rio de Janeiro.<br \/>\nDepois de 11 anos sem entrar no Higino desde que entregou a gesta\u0303o do espac\u0327o, Rubinho volta a\u0300 casa no momento de divulgac\u0327a\u0303o e preparativos da que seria a u\u0301ltima festa da sua vida naquele espac\u0327o.<\/p>\n<p>&nbsp;<\/p>\n<\/div>\n<\/div>\n<div class=\"movie-item\" style=\"text-align: left;\">\n<p><img loading=\"lazy\" decoding=\"async\" src=\"http:\/\/www.dimaurofilmes.com\/mostra_humberto_mauro\/wp-content\/uploads\/2024\/07\/Vonnie.jpg\" alt=\"Poster do filme 2\" width=\"300\" height=\"450\" \/><\/p>\n<div class=\"movie-item-content\">\n<h2>Vonnie<\/h2>\n<p>Diretor: Renata Lima<\/p>\n<p>Sinopse: Moda, Fami\u0301lia e Destino. Um retrato i\u0301ntimo e\u0301 tecido pelo relato de tre\u0302s irma\u0303s que recontam o legado da ma\u0303e Vonnie Reynolds &#8211; um i\u0301cone esquecido da moda irlandesa. Imagens de arquivo restauradas desvendam a inco\u0301gnita do passado da designer forc\u0327ada a abandonar a carreira apo\u0301s um acidente tra\u0301gico.<\/p>\n<\/div>\n<\/div>\n<div class=\"movie-item\" style=\"text-align: left;\">\n<div class=\"movie-item-content\">\n<p>&nbsp;<\/p>\n<p style=\"text-align: center;\"><span style=\"font-size: 8pt;\"><strong>4\u00aa MOSTRA HUMBERTO MAURO <\/strong><\/span><\/p>\n<\/div>\n<\/div>\n<p style=\"text-align: center;\"><img loading=\"lazy\" decoding=\"async\" class=\"alignnone size-large wp-image-548\" src=\"http:\/\/www.dimaurofilmes.com\/mostra_humberto_mauro\/wp-content\/uploads\/2024\/09\/TODAS_AS_MARCAS-1024x263.png\" alt=\"\" width=\"1024\" height=\"263\" srcset=\"http:\/\/www.dimaurofilmes.com\/mostra_humberto_mauro\/wp-content\/uploads\/2024\/09\/TODAS_AS_MARCAS-1024x263.png 1024w, http:\/\/www.dimaurofilmes.com\/mostra_humberto_mauro\/wp-content\/uploads\/2024\/09\/TODAS_AS_MARCAS-300x77.png 300w, http:\/\/www.dimaurofilmes.com\/mostra_humberto_mauro\/wp-content\/uploads\/2024\/09\/TODAS_AS_MARCAS-768x197.png 768w, http:\/\/www.dimaurofilmes.com\/mostra_humberto_mauro\/wp-content\/uploads\/2024\/09\/TODAS_AS_MARCAS-1536x395.png 1536w, http:\/\/www.dimaurofilmes.com\/mostra_humberto_mauro\/wp-content\/uploads\/2024\/09\/TODAS_AS_MARCAS-2048x526.png 2048w\" sizes=\"(max-width: 1024px) 100vw, 1024px\" \/><\/p>\n","protected":false},"excerpt":{"rendered":"<p>4\u00aa Mostra Humberto Mauro &#8211; Curtas Brasileiros &nbsp; Travessia Diretor: Gabriel Lima Sinopse: Um homem (Caio Blat) e uma mulher (Juliane Arau\u0301jo) te\u0302m suas histo\u0301rias de dores e questionamentos entrelac\u0327adas quando ocupam o mesmo espac\u0327o em tempos diferentes. Tempo, esse espac\u0327o pequeno em nossas vidas que termina em morte. &nbsp; De Frente Pro Escuro Diretor: [&hellip;]<\/p>\n","protected":false},"author":1,"featured_media":0,"parent":0,"menu_order":0,"comment_status":"closed","ping_status":"closed","template":"","meta":{"ngg_post_thumbnail":0,"footnotes":""},"_links":{"self":[{"href":"http:\/\/www.dimaurofilmes.com\/mostra_humberto_mauro\/wp-json\/wp\/v2\/pages\/387"}],"collection":[{"href":"http:\/\/www.dimaurofilmes.com\/mostra_humberto_mauro\/wp-json\/wp\/v2\/pages"}],"about":[{"href":"http:\/\/www.dimaurofilmes.com\/mostra_humberto_mauro\/wp-json\/wp\/v2\/types\/page"}],"author":[{"embeddable":true,"href":"http:\/\/www.dimaurofilmes.com\/mostra_humberto_mauro\/wp-json\/wp\/v2\/users\/1"}],"replies":[{"embeddable":true,"href":"http:\/\/www.dimaurofilmes.com\/mostra_humberto_mauro\/wp-json\/wp\/v2\/comments?post=387"}],"version-history":[{"count":17,"href":"http:\/\/www.dimaurofilmes.com\/mostra_humberto_mauro\/wp-json\/wp\/v2\/pages\/387\/revisions"}],"predecessor-version":[{"id":553,"href":"http:\/\/www.dimaurofilmes.com\/mostra_humberto_mauro\/wp-json\/wp\/v2\/pages\/387\/revisions\/553"}],"wp:attachment":[{"href":"http:\/\/www.dimaurofilmes.com\/mostra_humberto_mauro\/wp-json\/wp\/v2\/media?parent=387"}],"curies":[{"name":"wp","href":"https:\/\/api.w.org\/{rel}","templated":true}]}}